{"id":731,"date":"2013-08-09T18:25:41","date_gmt":"2013-08-09T16:25:41","guid":{"rendered":"https:\/\/kulturweit.blog\/projekte\/files\/2013\/08\/Kleiner-Beutel-aus-alten-Plastikt\u00fcten.jpg"},"modified":"2013-08-09T18:25:41","modified_gmt":"2013-08-09T16:25:41","slug":"upcycling-von-plastiktueten","status":"inherit","type":"attachment","link":"https:\/\/kulturweit.blog\/projekte\/2013\/08\/10\/umweltschutz-ist-hip\/upcycling-von-plastiktueten\/","title":{"rendered":"Upcycling von Plastikt\u00fcten"},"author":1023,"featured_media":0,"comment_status":"open","ping_status":"open","template":"","meta":[],"class_list":["post-731","attachment","type-attachment","status-inherit","hentry"],"description":{"rendered":"<p class=\"attachment\"><a href='https:\/\/kulturweit.blog\/projekte\/files\/2013\/08\/Kleiner-Beutel-aus-alten-Plastikt\u00fcten.jpg'><img loading=\"lazy\" decoding=\"async\" width=\"300\" height=\"225\" src=\"https:\/\/kulturweit.blog\/projekte\/files\/2013\/08\/Kleiner-Beutel-aus-alten-Plastikt\u00fcten-300x225.jpg\" class=\"attachment-medium size-medium\" alt=\"\" srcset=\"https:\/\/kulturweit.blog\/projekte\/files\/2013\/08\/Kleiner-Beutel-aus-alten-Plastikt\u00fcten-300x225.jpg 300w, https:\/\/kulturweit.blog\/projekte\/files\/2013\/08\/Kleiner-Beutel-aus-alten-Plastikt\u00fcten-640x480.jpg 640w, https:\/\/kulturweit.blog\/projekte\/files\/2013\/08\/Kleiner-Beutel-aus-alten-Plastikt\u00fcten-400x300.jpg 400w, https:\/\/kulturweit.blog\/projekte\/files\/2013\/08\/Kleiner-Beutel-aus-alten-Plastikt\u00fcten.jpg 1200w\" sizes=\"(max-width: 300px) 100vw, 300px\" \/><\/a><\/p>\n"},"caption":{"rendered":"<p>Plastikt\u00fcten sind in Mexiko ein ziemliches Problem. Wie in dem Film &#8222;Nosotros y la basura&#8220; gezeigt wurde, hat Plastik eine ziemlich lange Lebensdauer und f\u00fchrt erheblich zur Umweltverschmutzung bei. Insofern ist Upcycling von Plastikt\u00fcten zu stabileren Taschen sinnvoll. Ich musste den Sch\u00fclern allerdings erst das H\u00e4keln beibringen. <a href=\"https:\/\/kulturweit.blog\/projekte\/2013\/08\/10\/umweltschutz-ist-hip\/upcycling-von-plastiktueten\/\">Weiterlesen <span class=\"meta-nav\">&rarr;<\/span><\/a><\/p>\n"},"alt_text":"","media_type":"image","mime_type":"image\/jpeg","media_details":{"width":1200,"height":900,"file":"2013\/08\/Kleiner-Beutel-aus-alten-Plastikt\u00fcten.jpg","sizes":{"thumbnail":{"file":"Kleiner-Beutel-aus-alten-Plastikt\u00fcten-150x150.jpg","width":150,"height":150,"mime_type":"image\/jpeg","source_url":"https:\/\/kulturweit.blog\/projekte\/files\/2013\/08\/Kleiner-Beutel-aus-alten-Plastikt\u00fcten-150x150.jpg"},"medium":{"file":"Kleiner-Beutel-aus-alten-Plastikt\u00fcten-300x225.jpg","width":300,"height":225,"mime_type":"image\/jpeg","source_url":"https:\/\/kulturweit.blog\/projekte\/files\/2013\/08\/Kleiner-Beutel-aus-alten-Plastikt\u00fcten-300x225.jpg"},"large":{"file":"Kleiner-Beutel-aus-alten-Plastikt\u00fcten-640x480.jpg","width":640,"height":480,"mime_type":"image\/jpeg","source_url":"https:\/\/kulturweit.blog\/projekte\/files\/2013\/08\/Kleiner-Beutel-aus-alten-Plastikt\u00fcten-640x480.jpg"},"kw_blog":{"file":"Kleiner-Beutel-aus-alten-Plastikt\u00fcten-700x300.jpg","width":700,"height":300,"mime_type":"image\/jpeg","source_url":"https:\/\/kulturweit.blog\/projekte\/files\/2013\/08\/Kleiner-Beutel-aus-alten-Plastikt\u00fcten-700x300.jpg"},"post-thumbnail":{"file":"Kleiner-Beutel-aus-alten-Plastikt\u00fcten-1000x288.jpg","width":1000,"height":288,"mime_type":"image\/jpeg","source_url":"https:\/\/kulturweit.blog\/projekte\/files\/2013\/08\/Kleiner-Beutel-aus-alten-Plastikt\u00fcten-1000x288.jpg"},"large-feature":{"file":"Kleiner-Beutel-aus-alten-Plastikt\u00fcten-1000x288.jpg","width":1000,"height":288,"mime_type":"image\/jpeg","source_url":"https:\/\/kulturweit.blog\/projekte\/files\/2013\/08\/Kleiner-Beutel-aus-alten-Plastikt\u00fcten-1000x288.jpg"},"small-feature":{"file":"Kleiner-Beutel-aus-alten-Plastikt\u00fcten-400x300.jpg","width":400,"height":300,"mime_type":"image\/jpeg","source_url":"https:\/\/kulturweit.blog\/projekte\/files\/2013\/08\/Kleiner-Beutel-aus-alten-Plastikt\u00fcten-400x300.jpg"},"full":{"file":"Kleiner-Beutel-aus-alten-Plastikt\u00fcten.jpg","width":1200,"height":900,"mime_type":"image\/jpeg","source_url":"https:\/\/kulturweit.blog\/projekte\/files\/2013\/08\/Kleiner-Beutel-aus-alten-Plastikt\u00fcten.jpg"}},"image_meta":{"aperture":3.1,"credit":"","camera":"DMC-SZ1","caption":"","created_timestamp":1371600452,"copyright":"","focal_length":"4.5","iso":"100","shutter_speed":"0.004","title":""}},"post":726,"source_url":"https:\/\/kulturweit.blog\/projekte\/files\/2013\/08\/Kleiner-Beutel-aus-alten-Plastikt\u00fcten.jpg","_links":{"self":[{"href":"https:\/\/kulturweit.blog\/projekte\/wp-json\/wp\/v2\/media\/731"}],"collection":[{"href":"https:\/\/kulturweit.blog\/projekte\/wp-json\/wp\/v2\/media"}],"about":[{"href":"https:\/\/kulturweit.blog\/projekte\/wp-json\/wp\/v2\/types\/attachment"}],"author":[{"embeddable":true,"href":"https:\/\/kulturweit.blog\/projekte\/wp-json\/wp\/v2\/users\/1023"}],"replies":[{"embeddable":true,"href":"https:\/\/kulturweit.blog\/projekte\/wp-json\/wp\/v2\/comments?post=731"}]}}