{"id":19,"date":"2021-04-19T11:48:59","date_gmt":"2021-04-19T09:48:59","guid":{"rendered":"https:\/\/kulturweit.blog\/brianagrupp\/?page_id=19"},"modified":"2026-09-03T21:08:56","modified_gmt":"2026-09-03T19:08:56","slug":"projekte-2","status":"publish","type":"page","link":"https:\/\/kulturweit.blog\/brianagrupp\/projekte-2\/","title":{"rendered":"Projekte"},"content":{"rendered":"<h1>Film Projekt &#8211; Kommunismus in Albanien<\/h1>\n\n\t\t<style type=\"text\/css\">\n\t\t\t#gallery-1 {\n\t\t\t\tmargin: auto;\n\t\t\t}\n\t\t\t#gallery-1 .gallery-item {\n\t\t\t\tfloat: left;\n\t\t\t\tmargin-top: 10px;\n\t\t\t\ttext-align: center;\n\t\t\t\twidth: 33%;\n\t\t\t}\n\t\t\t#gallery-1 img {\n\t\t\t\tborder: 2px solid #cfcfcf;\n\t\t\t}\n\t\t\t#gallery-1 .gallery-caption {\n\t\t\t\tmargin-left: 0;\n\t\t\t}\n\t\t\t\/* see gallery_shortcode() in wp-includes\/media.php *\/\n\t\t<\/style>\n\t\t<div id='gallery-1' class='gallery galleryid-19 gallery-columns-3 gallery-size-thumbnail'><dl class='gallery-item'>\n\t\t\t<dt class='gallery-icon landscape'>\n\t\t\t\t<a href='https:\/\/kulturweit.blog\/brianagrupp\/projekte-2\/img_8026\/'><img loading=\"lazy\" decoding=\"async\" width=\"150\" height=\"150\" src=\"https:\/\/kulturweit.blog\/brianagrupp\/files\/2021\/04\/IMG_8026-150x150.jpg\" class=\"attachment-thumbnail size-thumbnail\" alt=\"\" srcset=\"https:\/\/kulturweit.blog\/brianagrupp\/files\/2021\/04\/IMG_8026-150x150.jpg 150w, https:\/\/kulturweit.blog\/brianagrupp\/files\/2021\/04\/IMG_8026-300x300.jpg 300w\" sizes=\"(max-width: 150px) 100vw, 150px\" \/><\/a>\n\t\t\t<\/dt><\/dl><dl class='gallery-item'>\n\t\t\t<dt class='gallery-icon landscape'>\n\t\t\t\t<a href='https:\/\/kulturweit.blog\/brianagrupp\/projekte-2\/img_8006\/'><img loading=\"lazy\" decoding=\"async\" width=\"150\" height=\"150\" src=\"https:\/\/kulturweit.blog\/brianagrupp\/files\/2021\/04\/IMG_8006-150x150.jpg\" class=\"attachment-thumbnail size-thumbnail\" alt=\"\" srcset=\"https:\/\/kulturweit.blog\/brianagrupp\/files\/2021\/04\/IMG_8006-150x150.jpg 150w, https:\/\/kulturweit.blog\/brianagrupp\/files\/2021\/04\/IMG_8006-300x300.jpg 300w\" sizes=\"(max-width: 150px) 100vw, 150px\" \/><\/a>\n\t\t\t<\/dt><\/dl><dl class='gallery-item'>\n\t\t\t<dt class='gallery-icon landscape'>\n\t\t\t\t<a href='https:\/\/kulturweit.blog\/brianagrupp\/projekte-2\/img_8001\/'><img loading=\"lazy\" decoding=\"async\" width=\"150\" height=\"150\" src=\"https:\/\/kulturweit.blog\/brianagrupp\/files\/2021\/04\/IMG_8001-150x150.jpg\" class=\"attachment-thumbnail size-thumbnail\" alt=\"\" srcset=\"https:\/\/kulturweit.blog\/brianagrupp\/files\/2021\/04\/IMG_8001-150x150.jpg 150w, https:\/\/kulturweit.blog\/brianagrupp\/files\/2021\/04\/IMG_8001-300x300.jpg 300w\" sizes=\"(max-width: 150px) 100vw, 150px\" \/><\/a>\n\t\t\t<\/dt><\/dl><br style=\"clear: both\" \/><dl class='gallery-item'>\n\t\t\t<dt class='gallery-icon landscape'>\n\t\t\t\t<a href='https:\/\/kulturweit.blog\/brianagrupp\/projekte-2\/img_8029\/'><img loading=\"lazy\" decoding=\"async\" width=\"150\" height=\"150\" src=\"https:\/\/kulturweit.blog\/brianagrupp\/files\/2021\/04\/IMG_8029-150x150.jpg\" class=\"attachment-thumbnail size-thumbnail\" alt=\"\" srcset=\"https:\/\/kulturweit.blog\/brianagrupp\/files\/2021\/04\/IMG_8029-150x150.jpg 150w, https:\/\/kulturweit.blog\/brianagrupp\/files\/2021\/04\/IMG_8029-300x300.jpg 300w\" sizes=\"(max-width: 150px) 100vw, 150px\" \/><\/a>\n\t\t\t<\/dt><\/dl><dl class='gallery-item'>\n\t\t\t<dt class='gallery-icon landscape'>\n\t\t\t\t<a href='https:\/\/kulturweit.blog\/brianagrupp\/projekte-2\/img_8031\/'><img loading=\"lazy\" decoding=\"async\" width=\"150\" height=\"150\" src=\"https:\/\/kulturweit.blog\/brianagrupp\/files\/2021\/04\/IMG_8031-150x150.jpg\" class=\"attachment-thumbnail size-thumbnail\" alt=\"\" srcset=\"https:\/\/kulturweit.blog\/brianagrupp\/files\/2021\/04\/IMG_8031-150x150.jpg 150w, https:\/\/kulturweit.blog\/brianagrupp\/files\/2021\/04\/IMG_8031-300x300.jpg 300w\" sizes=\"(max-width: 150px) 100vw, 150px\" \/><\/a>\n\t\t\t<\/dt><\/dl>\n\t\t\t<br style='clear: both' \/>\n\t\t<\/div>\n\n<p>Das Sami-Frash\u00ebri-Gymnasium arbeitet gerade an einem Projekt, das das kommunistische Albanien zeigen soll. Ich habe die M\u00f6glichkeit, dabei zu sein und organisatorische Sachen zu erledigen. Ich habe die Spielwaffen mit einer Sch\u00fclerin gesucht, gefunden und gekauft. Ich habe auch Zoom-Meetings organisiert, damit wir als Gruppe entscheiden k\u00f6nnen, wann wir drehen wollen.<\/p>\n<p>Mein Vater war Kameramann in New York City und hat w\u00e4hrend meiner Kindheit unser Haus f\u00fcr Filmproduktionen vermietet. Ich kenne mich gut mit Filmen aus und bin mit Filmleuten aufgewachsen. Es macht mir sehr viel Spa\u00df, das Sami-Frash\u00ebri-Filmprojekt vorw\u00e4rtszubringen und mit Sch\u00fcler:innen das Drehbuch zu schreiben.<\/p>\n<p>Ich finde das Thema sowieso super interessant! Ich mache auch sehr viel Recherche \u00fcber das kommunistische Albanien und erfahre immer mehr von den Sch\u00fcler:innen, die Verwandte kennen, die w\u00e4hrend dieser Zeit gelebt haben und viele Erfahrungen gesammelt haben.<\/p>\n<p><span style=\"font-size: 1.5rem\">Sch\u00fclerzeitung<\/span><\/p>\n<p>Ich organisiere drei Sch\u00fclerzeitungsausgaben f\u00fcr April, Mai und Juni mit der 10. und 12. Klasse. Ich liebe dieses Projekt, weil die Sch\u00fcler motiviert und flei\u00dfig sind!<\/p>\n\n\t\t<style type=\"text\/css\">\n\t\t\t#gallery-2 {\n\t\t\t\tmargin: auto;\n\t\t\t}\n\t\t\t#gallery-2 .gallery-item {\n\t\t\t\tfloat: left;\n\t\t\t\tmargin-top: 10px;\n\t\t\t\ttext-align: center;\n\t\t\t\twidth: 33%;\n\t\t\t}\n\t\t\t#gallery-2 img {\n\t\t\t\tborder: 2px solid #cfcfcf;\n\t\t\t}\n\t\t\t#gallery-2 .gallery-caption {\n\t\t\t\tmargin-left: 0;\n\t\t\t}\n\t\t\t\/* see gallery_shortcode() in wp-includes\/media.php *\/\n\t\t<\/style>\n\t\t<div id='gallery-2' class='gallery galleryid-19 gallery-columns-3 gallery-size-thumbnail'><dl class='gallery-item'>\n\t\t\t<dt class='gallery-icon landscape'>\n\t\t\t\t<a href='https:\/\/kulturweit.blog\/brianagrupp\/projekte-2\/whatsapp-image-2021-03-30-at-20-22-02-1\/'><img loading=\"lazy\" decoding=\"async\" width=\"150\" height=\"150\" src=\"https:\/\/kulturweit.blog\/brianagrupp\/files\/2021\/04\/WhatsApp-Image-2021-03-30-at-20.22.02-1-150x150.jpeg\" class=\"attachment-thumbnail size-thumbnail\" alt=\"\" srcset=\"https:\/\/kulturweit.blog\/brianagrupp\/files\/2021\/04\/WhatsApp-Image-2021-03-30-at-20.22.02-1-150x150.jpeg 150w, https:\/\/kulturweit.blog\/brianagrupp\/files\/2021\/04\/WhatsApp-Image-2021-03-30-at-20.22.02-1-300x300.jpeg 300w\" sizes=\"(max-width: 150px) 100vw, 150px\" \/><\/a>\n\t\t\t<\/dt><\/dl><dl class='gallery-item'>\n\t\t\t<dt class='gallery-icon landscape'>\n\t\t\t\t<a href='https:\/\/kulturweit.blog\/brianagrupp\/projekte-2\/whatsapp-image-2021-03-31-at-17-20-16\/'><img loading=\"lazy\" decoding=\"async\" width=\"150\" height=\"150\" src=\"https:\/\/kulturweit.blog\/brianagrupp\/files\/2021\/04\/WhatsApp-Image-2021-03-31-at-17.20.16-150x150.jpeg\" class=\"attachment-thumbnail size-thumbnail\" alt=\"\" srcset=\"https:\/\/kulturweit.blog\/brianagrupp\/files\/2021\/04\/WhatsApp-Image-2021-03-31-at-17.20.16-150x150.jpeg 150w, https:\/\/kulturweit.blog\/brianagrupp\/files\/2021\/04\/WhatsApp-Image-2021-03-31-at-17.20.16-300x300.jpeg 300w\" sizes=\"(max-width: 150px) 100vw, 150px\" \/><\/a>\n\t\t\t<\/dt><\/dl><dl class='gallery-item'>\n\t\t\t<dt class='gallery-icon landscape'>\n\t\t\t\t<a href='https:\/\/kulturweit.blog\/brianagrupp\/projekte-2\/whatsapp-image-2021-03-30-at-20-22-02-2\/'><img loading=\"lazy\" decoding=\"async\" width=\"150\" height=\"150\" src=\"https:\/\/kulturweit.blog\/brianagrupp\/files\/2021\/04\/WhatsApp-Image-2021-03-30-at-20.22.02-2-150x150.jpeg\" class=\"attachment-thumbnail size-thumbnail\" alt=\"\" srcset=\"https:\/\/kulturweit.blog\/brianagrupp\/files\/2021\/04\/WhatsApp-Image-2021-03-30-at-20.22.02-2-150x150.jpeg 150w, https:\/\/kulturweit.blog\/brianagrupp\/files\/2021\/04\/WhatsApp-Image-2021-03-30-at-20.22.02-2-300x300.jpeg 300w\" sizes=\"(max-width: 150px) 100vw, 150px\" \/><\/a>\n\t\t\t<\/dt><\/dl><br style=\"clear: both\" \/><dl class='gallery-item'>\n\t\t\t<dt class='gallery-icon landscape'>\n\t\t\t\t<a href='https:\/\/kulturweit.blog\/brianagrupp\/projekte-2\/whatsapp-image-2021-03-30-at-17-38-38\/'><img loading=\"lazy\" decoding=\"async\" width=\"150\" height=\"150\" src=\"https:\/\/kulturweit.blog\/brianagrupp\/files\/2021\/04\/WhatsApp-Image-2021-03-30-at-17.38.38-150x150.jpeg\" class=\"attachment-thumbnail size-thumbnail\" alt=\"\" srcset=\"https:\/\/kulturweit.blog\/brianagrupp\/files\/2021\/04\/WhatsApp-Image-2021-03-30-at-17.38.38-150x150.jpeg 150w, https:\/\/kulturweit.blog\/brianagrupp\/files\/2021\/04\/WhatsApp-Image-2021-03-30-at-17.38.38-300x300.jpeg 300w\" sizes=\"(max-width: 150px) 100vw, 150px\" \/><\/a>\n\t\t\t<\/dt><\/dl>\n\t\t\t<br style='clear: both' \/>\n\t\t<\/div>\n\n<h1>Eine Website f\u00fcr die Schule designen<\/h1>\n<p>Ich arbeite gerade auch an einer Website f\u00fcr die Schule Sami Frash\u00ebri. Ich habe eine komplett neue Website designt und arbeite mit dem Programm Wix. Es macht mir sehr viel Spa\u00df, und ich lerne so viel dabei. Ich kann jetzt in der Zukunft auch meine eigene Website designen und erstellen.<\/p>\n\n\t\t<style type=\"text\/css\">\n\t\t\t#gallery-3 {\n\t\t\t\tmargin: auto;\n\t\t\t}\n\t\t\t#gallery-3 .gallery-item {\n\t\t\t\tfloat: left;\n\t\t\t\tmargin-top: 10px;\n\t\t\t\ttext-align: center;\n\t\t\t\twidth: 33%;\n\t\t\t}\n\t\t\t#gallery-3 img {\n\t\t\t\tborder: 2px solid #cfcfcf;\n\t\t\t}\n\t\t\t#gallery-3 .gallery-caption {\n\t\t\t\tmargin-left: 0;\n\t\t\t}\n\t\t\t\/* see gallery_shortcode() in wp-includes\/media.php *\/\n\t\t<\/style>\n\t\t<div id='gallery-3' class='gallery galleryid-19 gallery-columns-3 gallery-size-thumbnail'><dl class='gallery-item'>\n\t\t\t<dt class='gallery-icon landscape'>\n\t\t\t\t<a href='https:\/\/kulturweit.blog\/brianagrupp\/projekte-2\/screenshot-2021-04-23-145447\/'><img loading=\"lazy\" decoding=\"async\" width=\"150\" height=\"150\" src=\"https:\/\/kulturweit.blog\/brianagrupp\/files\/2021\/04\/Screenshot-2021-04-23-145447-150x150.png\" class=\"attachment-thumbnail size-thumbnail\" alt=\"\" srcset=\"https:\/\/kulturweit.blog\/brianagrupp\/files\/2021\/04\/Screenshot-2021-04-23-145447-150x150.png 150w, https:\/\/kulturweit.blog\/brianagrupp\/files\/2021\/04\/Screenshot-2021-04-23-145447-300x300.png 300w\" sizes=\"(max-width: 150px) 100vw, 150px\" \/><\/a>\n\t\t\t<\/dt><\/dl><dl class='gallery-item'>\n\t\t\t<dt class='gallery-icon landscape'>\n\t\t\t\t<a href='https:\/\/kulturweit.blog\/brianagrupp\/projekte-2\/screenshot-2021-04-23-145415\/'><img loading=\"lazy\" decoding=\"async\" width=\"150\" height=\"150\" src=\"https:\/\/kulturweit.blog\/brianagrupp\/files\/2021\/04\/Screenshot-2021-04-23-145415-150x150.png\" class=\"attachment-thumbnail size-thumbnail\" alt=\"\" srcset=\"https:\/\/kulturweit.blog\/brianagrupp\/files\/2021\/04\/Screenshot-2021-04-23-145415-150x150.png 150w, https:\/\/kulturweit.blog\/brianagrupp\/files\/2021\/04\/Screenshot-2021-04-23-145415-300x300.png 300w\" sizes=\"(max-width: 150px) 100vw, 150px\" \/><\/a>\n\t\t\t<\/dt><\/dl>\n\t\t\t<br style='clear: both' \/>\n\t\t<\/div>\n\n<h1>Photograph f\u00fcr wichtige Events<\/h1>\n<p>Der deutsche Botschafter hat das Sami-Frash\u00ebri-Gymnasium besucht und jeder war super aufgeregt. Es wurden die Deutschen Sprachdiplome ausgegeben und der Botschafter hat eine Rede gehalten. Ein sehr sch\u00f6nes Event!<\/p>\n\n\t\t<style type=\"text\/css\">\n\t\t\t#gallery-4 {\n\t\t\t\tmargin: auto;\n\t\t\t}\n\t\t\t#gallery-4 .gallery-item {\n\t\t\t\tfloat: left;\n\t\t\t\tmargin-top: 10px;\n\t\t\t\ttext-align: center;\n\t\t\t\twidth: 33%;\n\t\t\t}\n\t\t\t#gallery-4 img {\n\t\t\t\tborder: 2px solid #cfcfcf;\n\t\t\t}\n\t\t\t#gallery-4 .gallery-caption {\n\t\t\t\tmargin-left: 0;\n\t\t\t}\n\t\t\t\/* see gallery_shortcode() in wp-includes\/media.php *\/\n\t\t<\/style>\n\t\t<div id='gallery-4' class='gallery galleryid-19 gallery-columns-3 gallery-size-thumbnail'><dl class='gallery-item'>\n\t\t\t<dt class='gallery-icon landscape'>\n\t\t\t\t<a href='https:\/\/kulturweit.blog\/brianagrupp\/projekte-2\/dsc_0873-2\/'><img loading=\"lazy\" decoding=\"async\" width=\"150\" height=\"150\" src=\"https:\/\/kulturweit.blog\/brianagrupp\/files\/2021\/05\/DSC_0873-1-150x150.jpg\" class=\"attachment-thumbnail size-thumbnail\" alt=\"\" srcset=\"https:\/\/kulturweit.blog\/brianagrupp\/files\/2021\/05\/DSC_0873-1-150x150.jpg 150w, https:\/\/kulturweit.blog\/brianagrupp\/files\/2021\/05\/DSC_0873-1-300x300.jpg 300w\" sizes=\"(max-width: 150px) 100vw, 150px\" \/><\/a>\n\t\t\t<\/dt><\/dl><dl class='gallery-item'>\n\t\t\t<dt class='gallery-icon landscape'>\n\t\t\t\t<a href='https:\/\/kulturweit.blog\/brianagrupp\/projekte-2\/dsc_0731\/'><img loading=\"lazy\" decoding=\"async\" width=\"150\" height=\"150\" src=\"https:\/\/kulturweit.blog\/brianagrupp\/files\/2021\/05\/DSC_0731-150x150.jpg\" class=\"attachment-thumbnail size-thumbnail\" alt=\"\" srcset=\"https:\/\/kulturweit.blog\/brianagrupp\/files\/2021\/05\/DSC_0731-150x150.jpg 150w, https:\/\/kulturweit.blog\/brianagrupp\/files\/2021\/05\/DSC_0731-300x300.jpg 300w\" sizes=\"(max-width: 150px) 100vw, 150px\" \/><\/a>\n\t\t\t<\/dt><\/dl><dl class='gallery-item'>\n\t\t\t<dt class='gallery-icon landscape'>\n\t\t\t\t<a href='https:\/\/kulturweit.blog\/brianagrupp\/projekte-2\/dsc_0823\/'><img loading=\"lazy\" decoding=\"async\" width=\"150\" height=\"150\" src=\"https:\/\/kulturweit.blog\/brianagrupp\/files\/2021\/05\/DSC_0823-150x150.jpg\" class=\"attachment-thumbnail size-thumbnail\" alt=\"\" srcset=\"https:\/\/kulturweit.blog\/brianagrupp\/files\/2021\/05\/DSC_0823-150x150.jpg 150w, https:\/\/kulturweit.blog\/brianagrupp\/files\/2021\/05\/DSC_0823-300x300.jpg 300w\" sizes=\"(max-width: 150px) 100vw, 150px\" \/><\/a>\n\t\t\t<\/dt><\/dl><br style=\"clear: both\" \/><dl class='gallery-item'>\n\t\t\t<dt class='gallery-icon landscape'>\n\t\t\t\t<a href='https:\/\/kulturweit.blog\/brianagrupp\/projekte-2\/dsc_0857\/'><img loading=\"lazy\" decoding=\"async\" width=\"150\" height=\"150\" src=\"https:\/\/kulturweit.blog\/brianagrupp\/files\/2021\/05\/DSC_0857-150x150.jpg\" class=\"attachment-thumbnail size-thumbnail\" alt=\"\" srcset=\"https:\/\/kulturweit.blog\/brianagrupp\/files\/2021\/05\/DSC_0857-150x150.jpg 150w, https:\/\/kulturweit.blog\/brianagrupp\/files\/2021\/05\/DSC_0857-300x300.jpg 300w\" sizes=\"(max-width: 150px) 100vw, 150px\" \/><\/a>\n\t\t\t<\/dt><\/dl><dl class='gallery-item'>\n\t\t\t<dt class='gallery-icon landscape'>\n\t\t\t\t<a href='https:\/\/kulturweit.blog\/brianagrupp\/projekte-2\/dsc_0959\/'><img loading=\"lazy\" decoding=\"async\" width=\"150\" height=\"150\" src=\"https:\/\/kulturweit.blog\/brianagrupp\/files\/2021\/05\/DSC_0959-150x150.jpg\" class=\"attachment-thumbnail size-thumbnail\" alt=\"\" srcset=\"https:\/\/kulturweit.blog\/brianagrupp\/files\/2021\/05\/DSC_0959-150x150.jpg 150w, https:\/\/kulturweit.blog\/brianagrupp\/files\/2021\/05\/DSC_0959-300x300.jpg 300w\" sizes=\"(max-width: 150px) 100vw, 150px\" \/><\/a>\n\t\t\t<\/dt><\/dl><dl class='gallery-item'>\n\t\t\t<dt class='gallery-icon landscape'>\n\t\t\t\t<a href='https:\/\/kulturweit.blog\/brianagrupp\/projekte-2\/dsc_0815\/'><img loading=\"lazy\" decoding=\"async\" width=\"150\" height=\"150\" src=\"https:\/\/kulturweit.blog\/brianagrupp\/files\/2021\/05\/DSC_0815-150x150.jpg\" class=\"attachment-thumbnail size-thumbnail\" alt=\"\" srcset=\"https:\/\/kulturweit.blog\/brianagrupp\/files\/2021\/05\/DSC_0815-150x150.jpg 150w, https:\/\/kulturweit.blog\/brianagrupp\/files\/2021\/05\/DSC_0815-300x300.jpg 300w\" sizes=\"(max-width: 150px) 100vw, 150px\" \/><\/a>\n\t\t\t<\/dt><\/dl><br style=\"clear: both\" \/>\n\t\t<\/div>\n\n<p>&nbsp;<\/p>\n<h1>Stofftaschen Projekt mit dem Goethe Institut<\/h1>\n<p>Eine kulturweit-Freiwillige lebt auch in Tirana und wir wollten ein Projekt zusammen organisieren. Also habe ich bei einer von meinen Schulen nachgefragt, welche Klasse vielleicht daran interessiert ist, Stofftaschen zu bemalen und einen Steckbrief zu entwerfen. Diese Stofftaschen werden dann nach Australien geschickt und somit k\u00f6nnen die Sch\u00fcler aus Albanien mit den Sch\u00fclern aus Australien Kontakt aufnehmen und sich austauschen. Die 7. Klasse war begeistert von der Idee und Annika (kulturweit-Freiwillige) und ich haben zusammengearbeitet, um dieses Event zu organisieren. Hier sind ein paar Bilder davon.<\/p>\n\n\t\t<style type=\"text\/css\">\n\t\t\t#gallery-5 {\n\t\t\t\tmargin: auto;\n\t\t\t}\n\t\t\t#gallery-5 .gallery-item {\n\t\t\t\tfloat: left;\n\t\t\t\tmargin-top: 10px;\n\t\t\t\ttext-align: center;\n\t\t\t\twidth: 33%;\n\t\t\t}\n\t\t\t#gallery-5 img {\n\t\t\t\tborder: 2px solid #cfcfcf;\n\t\t\t}\n\t\t\t#gallery-5 .gallery-caption {\n\t\t\t\tmargin-left: 0;\n\t\t\t}\n\t\t\t\/* see gallery_shortcode() in wp-includes\/media.php *\/\n\t\t<\/style>\n\t\t<div id='gallery-5' class='gallery galleryid-19 gallery-columns-3 gallery-size-thumbnail'><dl class='gallery-item'>\n\t\t\t<dt class='gallery-icon landscape'>\n\t\t\t\t<a href='https:\/\/kulturweit.blog\/brianagrupp\/projekte-2\/img_8895\/'><img loading=\"lazy\" decoding=\"async\" width=\"150\" height=\"150\" src=\"https:\/\/kulturweit.blog\/brianagrupp\/files\/2021\/05\/IMG_8895-150x150.jpg\" class=\"attachment-thumbnail size-thumbnail\" alt=\"\" srcset=\"https:\/\/kulturweit.blog\/brianagrupp\/files\/2021\/05\/IMG_8895-150x150.jpg 150w, https:\/\/kulturweit.blog\/brianagrupp\/files\/2021\/05\/IMG_8895-300x300.jpg 300w\" sizes=\"(max-width: 150px) 100vw, 150px\" \/><\/a>\n\t\t\t<\/dt><\/dl><dl class='gallery-item'>\n\t\t\t<dt class='gallery-icon landscape'>\n\t\t\t\t<a href='https:\/\/kulturweit.blog\/brianagrupp\/projekte-2\/img_8904\/'><img loading=\"lazy\" decoding=\"async\" width=\"150\" height=\"150\" src=\"https:\/\/kulturweit.blog\/brianagrupp\/files\/2021\/05\/IMG_8904-150x150.jpg\" class=\"attachment-thumbnail size-thumbnail\" alt=\"\" srcset=\"https:\/\/kulturweit.blog\/brianagrupp\/files\/2021\/05\/IMG_8904-150x150.jpg 150w, https:\/\/kulturweit.blog\/brianagrupp\/files\/2021\/05\/IMG_8904-300x300.jpg 300w\" sizes=\"(max-width: 150px) 100vw, 150px\" \/><\/a>\n\t\t\t<\/dt><\/dl><dl class='gallery-item'>\n\t\t\t<dt class='gallery-icon landscape'>\n\t\t\t\t<a href='https:\/\/kulturweit.blog\/brianagrupp\/projekte-2\/img_8909\/'><img loading=\"lazy\" decoding=\"async\" width=\"150\" height=\"150\" src=\"https:\/\/kulturweit.blog\/brianagrupp\/files\/2021\/05\/IMG_8909-150x150.jpg\" class=\"attachment-thumbnail size-thumbnail\" alt=\"\" srcset=\"https:\/\/kulturweit.blog\/brianagrupp\/files\/2021\/05\/IMG_8909-150x150.jpg 150w, https:\/\/kulturweit.blog\/brianagrupp\/files\/2021\/05\/IMG_8909-300x300.jpg 300w\" sizes=\"(max-width: 150px) 100vw, 150px\" \/><\/a>\n\t\t\t<\/dt><\/dl><br style=\"clear: both\" \/><dl class='gallery-item'>\n\t\t\t<dt class='gallery-icon landscape'>\n\t\t\t\t<a href='https:\/\/kulturweit.blog\/brianagrupp\/projekte-2\/img_8921\/'><img loading=\"lazy\" decoding=\"async\" width=\"150\" height=\"150\" src=\"https:\/\/kulturweit.blog\/brianagrupp\/files\/2021\/05\/IMG_8921-150x150.jpg\" class=\"attachment-thumbnail size-thumbnail\" alt=\"\" srcset=\"https:\/\/kulturweit.blog\/brianagrupp\/files\/2021\/05\/IMG_8921-150x150.jpg 150w, https:\/\/kulturweit.blog\/brianagrupp\/files\/2021\/05\/IMG_8921-300x300.jpg 300w\" sizes=\"(max-width: 150px) 100vw, 150px\" \/><\/a>\n\t\t\t<\/dt><\/dl><dl class='gallery-item'>\n\t\t\t<dt class='gallery-icon landscape'>\n\t\t\t\t<a href='https:\/\/kulturweit.blog\/brianagrupp\/projekte-2\/img_8902\/'><img loading=\"lazy\" decoding=\"async\" width=\"150\" height=\"150\" src=\"https:\/\/kulturweit.blog\/brianagrupp\/files\/2021\/05\/IMG_8902-150x150.jpg\" class=\"attachment-thumbnail size-thumbnail\" alt=\"\" srcset=\"https:\/\/kulturweit.blog\/brianagrupp\/files\/2021\/05\/IMG_8902-150x150.jpg 150w, https:\/\/kulturweit.blog\/brianagrupp\/files\/2021\/05\/IMG_8902-300x300.jpg 300w\" sizes=\"(max-width: 150px) 100vw, 150px\" \/><\/a>\n\t\t\t<\/dt><\/dl><dl class='gallery-item'>\n\t\t\t<dt class='gallery-icon landscape'>\n\t\t\t\t<a href='https:\/\/kulturweit.blog\/brianagrupp\/projekte-2\/img_8923\/'><img loading=\"lazy\" decoding=\"async\" width=\"150\" height=\"150\" src=\"https:\/\/kulturweit.blog\/brianagrupp\/files\/2021\/05\/IMG_8923-150x150.jpg\" class=\"attachment-thumbnail size-thumbnail\" alt=\"\" srcset=\"https:\/\/kulturweit.blog\/brianagrupp\/files\/2021\/05\/IMG_8923-150x150.jpg 150w, https:\/\/kulturweit.blog\/brianagrupp\/files\/2021\/05\/IMG_8923-300x300.jpg 300w\" sizes=\"(max-width: 150px) 100vw, 150px\" \/><\/a>\n\t\t\t<\/dt><\/dl><br style=\"clear: both\" \/>\n\t\t<\/div>\n\n<h1>Schulprojekt Fan S.Noli Schule<\/h1>\n<p>Heute bin ich zu einer Grundschule gegangen und habe mit ca. 20 Sch\u00fcler:innen an einer albanischen und deutschen Karte gearbeitet. Alle haben so gut mitgemacht und alle haben mich so verw\u00f6hnt. Ich kam mir vor wie ein Superstar, weil ich Deutsche bin. Kinder lieben echte Deutsche, und als ich das erste Mal in die Klasse hineingetreten bin, war jeder so sch\u00fcchtern und nerv\u00f6s.<\/p>\n\n\t\t<style type=\"text\/css\">\n\t\t\t#gallery-6 {\n\t\t\t\tmargin: auto;\n\t\t\t}\n\t\t\t#gallery-6 .gallery-item {\n\t\t\t\tfloat: left;\n\t\t\t\tmargin-top: 10px;\n\t\t\t\ttext-align: center;\n\t\t\t\twidth: 33%;\n\t\t\t}\n\t\t\t#gallery-6 img {\n\t\t\t\tborder: 2px solid #cfcfcf;\n\t\t\t}\n\t\t\t#gallery-6 .gallery-caption {\n\t\t\t\tmargin-left: 0;\n\t\t\t}\n\t\t\t\/* see gallery_shortcode() in wp-includes\/media.php *\/\n\t\t<\/style>\n\t\t<div id='gallery-6' class='gallery galleryid-19 gallery-columns-3 gallery-size-thumbnail'><dl class='gallery-item'>\n\t\t\t<dt class='gallery-icon landscape'>\n\t\t\t\t<a href='https:\/\/kulturweit.blog\/brianagrupp\/projekte-2\/whatsapp-image-2021-04-26-at-14-49-51\/'><img loading=\"lazy\" decoding=\"async\" width=\"150\" height=\"150\" src=\"https:\/\/kulturweit.blog\/brianagrupp\/files\/2021\/04\/WhatsApp-Image-2021-04-26-at-14.49.51-150x150.jpeg\" class=\"attachment-thumbnail size-thumbnail\" alt=\"\" srcset=\"https:\/\/kulturweit.blog\/brianagrupp\/files\/2021\/04\/WhatsApp-Image-2021-04-26-at-14.49.51-150x150.jpeg 150w, https:\/\/kulturweit.blog\/brianagrupp\/files\/2021\/04\/WhatsApp-Image-2021-04-26-at-14.49.51-300x300.jpeg 300w\" sizes=\"(max-width: 150px) 100vw, 150px\" \/><\/a>\n\t\t\t<\/dt><\/dl><dl class='gallery-item'>\n\t\t\t<dt class='gallery-icon landscape'>\n\t\t\t\t<a href='https:\/\/kulturweit.blog\/brianagrupp\/projekte-2\/whatsapp-image-2021-04-26-at-14-49-49\/'><img loading=\"lazy\" decoding=\"async\" width=\"150\" height=\"150\" src=\"https:\/\/kulturweit.blog\/brianagrupp\/files\/2021\/04\/WhatsApp-Image-2021-04-26-at-14.49.49-150x150.jpeg\" class=\"attachment-thumbnail size-thumbnail\" alt=\"\" srcset=\"https:\/\/kulturweit.blog\/brianagrupp\/files\/2021\/04\/WhatsApp-Image-2021-04-26-at-14.49.49-150x150.jpeg 150w, https:\/\/kulturweit.blog\/brianagrupp\/files\/2021\/04\/WhatsApp-Image-2021-04-26-at-14.49.49-300x300.jpeg 300w\" sizes=\"(max-width: 150px) 100vw, 150px\" \/><\/a>\n\t\t\t<\/dt><\/dl><dl class='gallery-item'>\n\t\t\t<dt class='gallery-icon landscape'>\n\t\t\t\t<a href='https:\/\/kulturweit.blog\/brianagrupp\/projekte-2\/whatsapp-image-2021-04-26-at-14-49-52-1\/'><img loading=\"lazy\" decoding=\"async\" width=\"150\" height=\"150\" src=\"https:\/\/kulturweit.blog\/brianagrupp\/files\/2021\/04\/WhatsApp-Image-2021-04-26-at-14.49.52-1-150x150.jpeg\" class=\"attachment-thumbnail size-thumbnail\" alt=\"\" srcset=\"https:\/\/kulturweit.blog\/brianagrupp\/files\/2021\/04\/WhatsApp-Image-2021-04-26-at-14.49.52-1-150x150.jpeg 150w, https:\/\/kulturweit.blog\/brianagrupp\/files\/2021\/04\/WhatsApp-Image-2021-04-26-at-14.49.52-1-300x300.jpeg 300w\" sizes=\"(max-width: 150px) 100vw, 150px\" \/><\/a>\n\t\t\t<\/dt><\/dl><br style=\"clear: both\" \/><dl class='gallery-item'>\n\t\t\t<dt class='gallery-icon portrait'>\n\t\t\t\t<a href='https:\/\/kulturweit.blog\/brianagrupp\/projekte-2\/whatsapp-image-2021-04-26-at-14-49-52\/'><img loading=\"lazy\" decoding=\"async\" width=\"150\" height=\"150\" src=\"https:\/\/kulturweit.blog\/brianagrupp\/files\/2021\/04\/WhatsApp-Image-2021-04-26-at-14.49.52-150x150.jpeg\" class=\"attachment-thumbnail size-thumbnail\" alt=\"\" srcset=\"https:\/\/kulturweit.blog\/brianagrupp\/files\/2021\/04\/WhatsApp-Image-2021-04-26-at-14.49.52-150x150.jpeg 150w, https:\/\/kulturweit.blog\/brianagrupp\/files\/2021\/04\/WhatsApp-Image-2021-04-26-at-14.49.52-300x300.jpeg 300w\" sizes=\"(max-width: 150px) 100vw, 150px\" \/><\/a>\n\t\t\t<\/dt><\/dl>\n\t\t\t<br style='clear: both' \/>\n\t\t<\/div>\n\n<h1>Schulprojekt Avni Rustemi Schule<\/h1>\n<p>Ich habe die 3. und 5. Klasse besucht. In der 3. Klasse habe ich mit ihnen das Alphabet ge\u00fcbt und mit ihnen Buchstaben gemalt und gezeichnet. Die Sch\u00fcler:innen waren sehr aufgeregt und haben super mitgemacht.<\/p>\n\n\t\t<style type=\"text\/css\">\n\t\t\t#gallery-7 {\n\t\t\t\tmargin: auto;\n\t\t\t}\n\t\t\t#gallery-7 .gallery-item {\n\t\t\t\tfloat: left;\n\t\t\t\tmargin-top: 10px;\n\t\t\t\ttext-align: center;\n\t\t\t\twidth: 33%;\n\t\t\t}\n\t\t\t#gallery-7 img {\n\t\t\t\tborder: 2px solid #cfcfcf;\n\t\t\t}\n\t\t\t#gallery-7 .gallery-caption {\n\t\t\t\tmargin-left: 0;\n\t\t\t}\n\t\t\t\/* see gallery_shortcode() in wp-includes\/media.php *\/\n\t\t<\/style>\n\t\t<div id='gallery-7' class='gallery galleryid-19 gallery-columns-3 gallery-size-thumbnail'><dl class='gallery-item'>\n\t\t\t<dt class='gallery-icon landscape'>\n\t\t\t\t<a href='https:\/\/kulturweit.blog\/brianagrupp\/projekte-2\/hallo\/'><img loading=\"lazy\" decoding=\"async\" width=\"150\" height=\"150\" src=\"https:\/\/kulturweit.blog\/brianagrupp\/files\/2021\/05\/hallo-150x150.jpeg\" class=\"attachment-thumbnail size-thumbnail\" alt=\"\" srcset=\"https:\/\/kulturweit.blog\/brianagrupp\/files\/2021\/05\/hallo-150x150.jpeg 150w, https:\/\/kulturweit.blog\/brianagrupp\/files\/2021\/05\/hallo-300x300.jpeg 300w\" sizes=\"(max-width: 150px) 100vw, 150px\" \/><\/a>\n\t\t\t<\/dt><\/dl><dl class='gallery-item'>\n\t\t\t<dt class='gallery-icon landscape'>\n\t\t\t\t<a href='https:\/\/kulturweit.blog\/brianagrupp\/projekte-2\/pasch-nerrr\/'><img loading=\"lazy\" decoding=\"async\" width=\"150\" height=\"150\" src=\"https:\/\/kulturweit.blog\/brianagrupp\/files\/2021\/05\/pasch-nerrr-150x150.jpeg\" class=\"attachment-thumbnail size-thumbnail\" alt=\"\" srcset=\"https:\/\/kulturweit.blog\/brianagrupp\/files\/2021\/05\/pasch-nerrr-150x150.jpeg 150w, https:\/\/kulturweit.blog\/brianagrupp\/files\/2021\/05\/pasch-nerrr-300x300.jpeg 300w\" sizes=\"(max-width: 150px) 100vw, 150px\" \/><\/a>\n\t\t\t<\/dt><\/dl>\n\t\t\t<br style='clear: both' \/>\n\t\t<\/div>\n\n<h1>Shkodra Sprachcamp 2021<\/h1>\n<p>Ich habe zwei Workshops w\u00e4hrend des Sprachcamps organisiert. Einmal einen Videoworkshop und einmal einen Tanzkurs. Den Sch\u00fcler:innen hat es sehr viel Spa\u00df gemacht. Au\u00dferdem habe ich auch viele Aktivit\u00e4ten w\u00e4hrend des Sprachcamps begleitet und koordiniert. Das Ziel des Sprachcamps ist es, ein deutsches Umfeld f\u00fcr die albanischen Sch\u00fcler:innen zu entwickeln. Ich war auch Fotograf und habe ein Video gemacht.<\/p>\n\n\t\t<style type=\"text\/css\">\n\t\t\t#gallery-8 {\n\t\t\t\tmargin: auto;\n\t\t\t}\n\t\t\t#gallery-8 .gallery-item {\n\t\t\t\tfloat: left;\n\t\t\t\tmargin-top: 10px;\n\t\t\t\ttext-align: center;\n\t\t\t\twidth: 33%;\n\t\t\t}\n\t\t\t#gallery-8 img {\n\t\t\t\tborder: 2px solid #cfcfcf;\n\t\t\t}\n\t\t\t#gallery-8 .gallery-caption {\n\t\t\t\tmargin-left: 0;\n\t\t\t}\n\t\t\t\/* see gallery_shortcode() in wp-includes\/media.php *\/\n\t\t<\/style>\n\t\t<div id='gallery-8' class='gallery galleryid-19 gallery-columns-3 gallery-size-thumbnail'><dl class='gallery-item'>\n\t\t\t<dt class='gallery-icon landscape'>\n\t\t\t\t<a href='https:\/\/kulturweit.blog\/brianagrupp\/projekte-2\/dsc_0245\/'><img loading=\"lazy\" decoding=\"async\" width=\"150\" height=\"150\" src=\"https:\/\/kulturweit.blog\/brianagrupp\/files\/2021\/06\/DSC_0245-150x150.jpg\" class=\"attachment-thumbnail size-thumbnail\" alt=\"\" srcset=\"https:\/\/kulturweit.blog\/brianagrupp\/files\/2021\/06\/DSC_0245-150x150.jpg 150w, https:\/\/kulturweit.blog\/brianagrupp\/files\/2021\/06\/DSC_0245-300x300.jpg 300w\" sizes=\"(max-width: 150px) 100vw, 150px\" \/><\/a>\n\t\t\t<\/dt><\/dl><dl class='gallery-item'>\n\t\t\t<dt class='gallery-icon landscape'>\n\t\t\t\t<a href='https:\/\/kulturweit.blog\/brianagrupp\/projekte-2\/dsc_0415\/'><img loading=\"lazy\" decoding=\"async\" width=\"150\" height=\"150\" src=\"https:\/\/kulturweit.blog\/brianagrupp\/files\/2021\/06\/DSC_0415-150x150.jpg\" class=\"attachment-thumbnail size-thumbnail\" alt=\"\" srcset=\"https:\/\/kulturweit.blog\/brianagrupp\/files\/2021\/06\/DSC_0415-150x150.jpg 150w, https:\/\/kulturweit.blog\/brianagrupp\/files\/2021\/06\/DSC_0415-300x300.jpg 300w\" sizes=\"(max-width: 150px) 100vw, 150px\" \/><\/a>\n\t\t\t<\/dt><\/dl><dl class='gallery-item'>\n\t\t\t<dt class='gallery-icon landscape'>\n\t\t\t\t<a href='https:\/\/kulturweit.blog\/brianagrupp\/projekte-2\/dsc_0094\/'><img loading=\"lazy\" decoding=\"async\" width=\"150\" height=\"150\" src=\"https:\/\/kulturweit.blog\/brianagrupp\/files\/2021\/06\/DSC_0094-150x150.jpg\" class=\"attachment-thumbnail size-thumbnail\" alt=\"\" srcset=\"https:\/\/kulturweit.blog\/brianagrupp\/files\/2021\/06\/DSC_0094-150x150.jpg 150w, https:\/\/kulturweit.blog\/brianagrupp\/files\/2021\/06\/DSC_0094-300x300.jpg 300w\" sizes=\"(max-width: 150px) 100vw, 150px\" \/><\/a>\n\t\t\t<\/dt><\/dl><br style=\"clear: both\" \/><dl class='gallery-item'>\n\t\t\t<dt class='gallery-icon landscape'>\n\t\t\t\t<a href='https:\/\/kulturweit.blog\/brianagrupp\/projekte-2\/dsc_0487\/'><img loading=\"lazy\" decoding=\"async\" width=\"150\" height=\"150\" src=\"https:\/\/kulturweit.blog\/brianagrupp\/files\/2021\/06\/DSC_0487-150x150.jpg\" class=\"attachment-thumbnail size-thumbnail\" alt=\"\" srcset=\"https:\/\/kulturweit.blog\/brianagrupp\/files\/2021\/06\/DSC_0487-150x150.jpg 150w, https:\/\/kulturweit.blog\/brianagrupp\/files\/2021\/06\/DSC_0487-300x300.jpg 300w\" sizes=\"(max-width: 150px) 100vw, 150px\" \/><\/a>\n\t\t\t<\/dt><\/dl><dl class='gallery-item'>\n\t\t\t<dt class='gallery-icon landscape'>\n\t\t\t\t<a href='https:\/\/kulturweit.blog\/brianagrupp\/projekte-2\/dsc_0592\/'><img loading=\"lazy\" decoding=\"async\" width=\"150\" height=\"150\" src=\"https:\/\/kulturweit.blog\/brianagrupp\/files\/2021\/06\/DSC_0592-150x150.jpg\" class=\"attachment-thumbnail size-thumbnail\" alt=\"\" srcset=\"https:\/\/kulturweit.blog\/brianagrupp\/files\/2021\/06\/DSC_0592-150x150.jpg 150w, https:\/\/kulturweit.blog\/brianagrupp\/files\/2021\/06\/DSC_0592-300x300.jpg 300w\" sizes=\"(max-width: 150px) 100vw, 150px\" \/><\/a>\n\t\t\t<\/dt><\/dl><dl class='gallery-item'>\n\t\t\t<dt class='gallery-icon landscape'>\n\t\t\t\t<a href='https:\/\/kulturweit.blog\/brianagrupp\/projekte-2\/dsc_0012\/'><img loading=\"lazy\" decoding=\"async\" width=\"150\" height=\"150\" src=\"https:\/\/kulturweit.blog\/brianagrupp\/files\/2021\/06\/DSC_0012-150x150.jpg\" class=\"attachment-thumbnail size-thumbnail\" alt=\"\" srcset=\"https:\/\/kulturweit.blog\/brianagrupp\/files\/2021\/06\/DSC_0012-150x150.jpg 150w, https:\/\/kulturweit.blog\/brianagrupp\/files\/2021\/06\/DSC_0012-300x300.jpg 300w\" sizes=\"(max-width: 150px) 100vw, 150px\" \/><\/a>\n\t\t\t<\/dt><\/dl><br style=\"clear: both\" \/>\n\t\t<\/div>\n\n<p>&nbsp;<\/p>\n","protected":false},"excerpt":{"rendered":"<p>Film Projekt &#8211; Kommunismus in Albanien Das Sami-Frash\u00ebri-Gymnasium arbeitet gerade an einem Projekt, das das kommunistische Albanien zeigen soll. Ich habe die M\u00f6glichkeit, dabei zu sein und organisatorische Sachen zu erledigen. Ich habe die Spielwaffen mit einer Sch\u00fclerin gesucht, gefunden und gekauft. Ich habe auch Zoom-Meetings organisiert, damit wir als Gruppe entscheiden k\u00f6nnen, wann wir [&hellip;]<\/p>\n","protected":false},"author":2949,"featured_media":0,"parent":0,"menu_order":0,"comment_status":"closed","ping_status":"closed","template":"","meta":{"footnotes":""},"class_list":["post-19","page","type-page","status-publish","hentry"],"amp_enabled":true,"_links":{"self":[{"href":"https:\/\/kulturweit.blog\/brianagrupp\/wp-json\/wp\/v2\/pages\/19"}],"collection":[{"href":"https:\/\/kulturweit.blog\/brianagrupp\/wp-json\/wp\/v2\/pages"}],"about":[{"href":"https:\/\/kulturweit.blog\/brianagrupp\/wp-json\/wp\/v2\/types\/page"}],"author":[{"embeddable":true,"href":"https:\/\/kulturweit.blog\/brianagrupp\/wp-json\/wp\/v2\/users\/2949"}],"replies":[{"embeddable":true,"href":"https:\/\/kulturweit.blog\/brianagrupp\/wp-json\/wp\/v2\/comments?post=19"}],"version-history":[{"count":3,"href":"https:\/\/kulturweit.blog\/brianagrupp\/wp-json\/wp\/v2\/pages\/19\/revisions"}],"predecessor-version":[{"id":330,"href":"https:\/\/kulturweit.blog\/brianagrupp\/wp-json\/wp\/v2\/pages\/19\/revisions\/330"}],"wp:attachment":[{"href":"https:\/\/kulturweit.blog\/brianagrupp\/wp-json\/wp\/v2\/media?parent=19"}],"curies":[{"name":"wp","href":"https:\/\/api.w.org\/{rel}","templated":true}]}}