{"id":23,"date":"2022-04-05T13:30:06","date_gmt":"2022-04-05T11:30:06","guid":{"rendered":"https:\/\/kulturweit.blog\/annadventure\/?page_id=23"},"modified":"2022-04-05T13:30:06","modified_gmt":"2022-04-05T11:30:06","slug":"ueber-mich","status":"publish","type":"page","link":"https:\/\/kulturweit.blog\/annadventure\/ueber-mich\/","title":{"rendered":"\u00dcber mich"},"content":{"rendered":"<p>Seit Mitte M\u00e4rz h\u00f6re ich nachts das Hupen der Autos und das Sirren der Klimaanlage. Seitdem wache ich unter einem Moskitonetz auf und kaufe meine Bananen auf der Stra\u00dfe. Bis Ende August werde ich als kulturweit-Freiwillige das B\u00fcro der DW Akademie in Accra, Ghana unterst\u00fctzen.<\/p>\n<p>&nbsp;<\/p>\n","protected":false},"excerpt":{"rendered":"<p>Seit Mitte M\u00e4rz h\u00f6re ich nachts das Hupen der Autos und das Sirren der Klimaanlage. Seitdem wache ich unter einem Moskitonetz auf und kaufe meine Bananen auf der Stra\u00dfe. Bis Ende August werde ich als kulturweit-Freiwillige das B\u00fcro der DW Akademie in Accra, Ghana unterst\u00fctzen. &nbsp;<\/p>\n","protected":false},"author":3031,"featured_media":0,"parent":0,"menu_order":0,"comment_status":"closed","ping_status":"closed","template":"","meta":{"footnotes":""},"class_list":["post-23","page","type-page","status-publish","hentry"],"amp_enabled":true,"_links":{"self":[{"href":"https:\/\/kulturweit.blog\/annadventure\/wp-json\/wp\/v2\/pages\/23"}],"collection":[{"href":"https:\/\/kulturweit.blog\/annadventure\/wp-json\/wp\/v2\/pages"}],"about":[{"href":"https:\/\/kulturweit.blog\/annadventure\/wp-json\/wp\/v2\/types\/page"}],"author":[{"embeddable":true,"href":"https:\/\/kulturweit.blog\/annadventure\/wp-json\/wp\/v2\/users\/3031"}],"replies":[{"embeddable":true,"href":"https:\/\/kulturweit.blog\/annadventure\/wp-json\/wp\/v2\/comments?post=23"}],"version-history":[{"count":3,"href":"https:\/\/kulturweit.blog\/annadventure\/wp-json\/wp\/v2\/pages\/23\/revisions"}],"predecessor-version":[{"id":26,"href":"https:\/\/kulturweit.blog\/annadventure\/wp-json\/wp\/v2\/pages\/23\/revisions\/26"}],"wp:attachment":[{"href":"https:\/\/kulturweit.blog\/annadventure\/wp-json\/wp\/v2\/media?parent=23"}],"curies":[{"name":"wp","href":"https:\/\/api.w.org\/{rel}","templated":true}]}}